{"id":124,"date":"2021-04-12T03:21:37","date_gmt":"2021-04-12T00:21:37","guid":{"rendered":"https:\/\/whm48.louhi.net\/~kulttuur\/?page_id=124"},"modified":"2023-03-31T18:20:18","modified_gmt":"2023-03-31T15:20:18","slug":"saannot","status":"publish","type":"page","link":"https:\/\/kulttuurikiihdyttamo.fi\/en\/saannot\/","title":{"rendered":"S\u00e4\u00e4nn\u00f6t"},"content":{"rendered":"<div data-elementor-type=\"wp-page\" data-elementor-id=\"124\" class=\"elementor elementor-124\">\n\t\t\t\t\t\t<section class=\"elementor-section elementor-top-section elementor-element elementor-element-de0a53c elementor-section-boxed elementor-section-height-default elementor-section-height-default\" data-id=\"de0a53c\" data-element_type=\"section\" data-e-type=\"section\" data-settings=\"{&quot;background_background&quot;:&quot;classic&quot;}\">\n\t\t\t\t\t\t<div class=\"elementor-container elementor-column-gap-default\">\n\t\t\t\t\t<div class=\"elementor-column elementor-col-100 elementor-top-column elementor-element elementor-element-e2ead5e\" data-id=\"e2ead5e\" data-element_type=\"column\" data-e-type=\"column\">\n\t\t\t<div class=\"elementor-widget-wrap elementor-element-populated\">\n\t\t\t\t\t\t<div class=\"elementor-element elementor-element-32bd161 elementor-widget elementor-widget-heading\" data-id=\"32bd161\" data-element_type=\"widget\" data-e-type=\"widget\" data-widget_type=\"heading.default\">\n\t\t\t\t<div class=\"elementor-widget-container\">\n\t\t\t\t\t<h2 class=\"elementor-heading-title elementor-size-default\">Kulttuurikiihdytt\u00e4m\u00f6 ry:n s\u00e4\u00e4nn\u00f6t<\/h2>\t\t\t\t<\/div>\n\t\t\t\t<\/div>\n\t\t\t\t<section class=\"elementor-section elementor-inner-section elementor-element elementor-element-ca981c0 elementor-section-boxed elementor-section-height-default elementor-section-height-default\" data-id=\"ca981c0\" data-element_type=\"section\" data-e-type=\"section\">\n\t\t\t\t\t\t<div class=\"elementor-container elementor-column-gap-default\">\n\t\t\t\t\t<div class=\"elementor-column elementor-col-100 elementor-inner-column elementor-element elementor-element-4e31d8f\" data-id=\"4e31d8f\" data-element_type=\"column\" data-e-type=\"column\">\n\t\t\t<div class=\"elementor-widget-wrap elementor-element-populated\">\n\t\t\t\t\t\t<div class=\"elementor-element elementor-element-2afb990 elementor-widget elementor-widget-heading\" data-id=\"2afb990\" data-element_type=\"widget\" data-e-type=\"widget\" data-widget_type=\"heading.default\">\n\t\t\t\t<div class=\"elementor-widget-container\">\n\t\t\t\t\t<h2 class=\"elementor-heading-title elementor-size-default\">1. Yhdistyksen nimi ja kotipaikka<\/h2>\t\t\t\t<\/div>\n\t\t\t\t<\/div>\n\t\t\t\t<div class=\"elementor-element elementor-element-3d72d1e elementor-widget elementor-widget-text-editor\" data-id=\"3d72d1e\" data-element_type=\"widget\" data-e-type=\"widget\" data-widget_type=\"text-editor.default\">\n\t\t\t\t<div class=\"elementor-widget-container\">\n\t\t\t\t\t\t\t\t\t<p>Yhdistyksen nimi on Kulttuurikiihdytt\u00e4m\u00f6 ry ja sen kotipaikka on Oulu.<\/p>\t\t\t\t\t\t\t\t<\/div>\n\t\t\t\t<\/div>\n\t\t\t\t<div class=\"elementor-element elementor-element-9368e90 elementor-widget elementor-widget-heading\" data-id=\"9368e90\" data-element_type=\"widget\" data-e-type=\"widget\" data-widget_type=\"heading.default\">\n\t\t\t\t<div class=\"elementor-widget-container\">\n\t\t\t\t\t<h2 class=\"elementor-heading-title elementor-size-default\">2. Tarkoitus ja toimintamuodot<\/h2>\t\t\t\t<\/div>\n\t\t\t\t<\/div>\n\t\t\t\t<div class=\"elementor-element elementor-element-8094665 elementor-widget elementor-widget-text-editor\" data-id=\"8094665\" data-element_type=\"widget\" data-e-type=\"widget\" data-widget_type=\"text-editor.default\">\n\t\t\t\t<div class=\"elementor-widget-container\">\n\t\t\t\t\t\t\t\t\tYhdistyksen tarkoituksena on edist\u00e4\u00e4 toimialueensa kulttuuritoimintaa.\n\nYhdistyksen toiminta on yleishy\u00f6dyllist\u00e4 ja voittoa tavoittelematonta.\n\nTarkoituksen toteuttamiseksi yhdistys:\n<ul>\n \t<li style=\"font-weight: 400;\" aria-level=\"1\"><span style=\"font-weight: 400;\">J\u00e4rjest\u00e4\u00e4, tiedottaa ja verkostoituu eri toimijoiden kanssa.<\/span><\/li>\n<\/ul>\n<span style=\"font-weight: 400;\">Toimintansa tueksi j\u00e4rjest\u00f6 voi:<\/span>\n<ul>\n \t<li style=\"font-weight: 400;\" aria-level=\"1\"><span style=\"font-weight: 400;\">Hallita ja omistaa toimintaansa varten tarvittavia tarpeellisia kiinteist\u00f6j\u00e4.<\/span><\/li>\n \t<li style=\"font-weight: 400;\" aria-level=\"1\"><span style=\"font-weight: 400;\">Omistaa kiinte\u00e4\u00e4 ja irtainta omaisuutta.<\/span><\/li>\n \t<li style=\"font-weight: 400;\" aria-level=\"1\"><span style=\"font-weight: 400;\">Ker\u00e4t\u00e4 j\u00e4senmaksuja, vastaanottaa avustuksia, testamentteja ja lahjoituksia sek\u00e4 toimeenpanna arpajaisia ja varainker\u00e4yksi\u00e4.<\/span><\/li>\n \t<li style=\"font-weight: 400;\" aria-level=\"1\"><span style=\"font-weight: 400;\">Lis\u00e4ksi yhdistys voi k\u00e4ytt\u00e4\u00e4 muita samantapaisia toimintamuotoja.<\/span><\/li>\n<\/ul>\nTarvittaessa j\u00e4rjest\u00f6 hankkii taloudelliselle toiminnalleen asianomaisen viranomaisen luvan.\t\t\t\t\t\t\t\t<\/div>\n\t\t\t\t<\/div>\n\t\t\t\t<div class=\"elementor-element elementor-element-b9010b5 elementor-widget elementor-widget-heading\" data-id=\"b9010b5\" data-element_type=\"widget\" data-e-type=\"widget\" data-widget_type=\"heading.default\">\n\t\t\t\t<div class=\"elementor-widget-container\">\n\t\t\t\t\t<h2 class=\"elementor-heading-title elementor-size-default\">3. J\u00e4senet\n<\/h2>\t\t\t\t<\/div>\n\t\t\t\t<\/div>\n\t\t\t\t<div class=\"elementor-element elementor-element-d99c2fc elementor-widget elementor-widget-text-editor\" data-id=\"d99c2fc\" data-element_type=\"widget\" data-e-type=\"widget\" data-widget_type=\"text-editor.default\">\n\t\t\t\t<div class=\"elementor-widget-container\">\n\t\t\t\t\t\t\t\t\t<p><span style=\"font-weight: 400;\">Yhdistyksen varsinaiseksi j\u00e4seneksi voidaan hyv\u00e4ksy\u00e4 luonnollinen henkil\u00f6, joka hyv\u00e4ksyy yhdistyksen tarkoituksen ja s\u00e4\u00e4nn\u00f6t. Kaikki uudet j\u00e4senhakemukset tulee kuitenkin hyv\u00e4ksytt\u00e4\u00e4 yhdistyksen hallituksella. Jokaisella varsinaisella j\u00e4senell\u00e4 on puhe-, l\u00e4sn\u00e4olo- ja \u00e4\u00e4nioikeus (yksi \u00e4\u00e4ni) yhdistyksen kokouksissa.<\/span><\/p><p><span style=\"font-weight: 400;\">Yhdistykseen voi liitty\u00e4 my\u00f6s kannatusj\u00e4seneksi. Kannatusj\u00e4seniksi hyv\u00e4ksyt\u00e4\u00e4n yksityiset henkil\u00f6t ja oikeuskelpoiset yhteis\u00f6t, jotka haluavat tukea ja edist\u00e4\u00e4 yhdistyksen toimintaa. Kannatusj\u00e4senill\u00e4 ei ole p\u00e4\u00e4t\u00f6svaltaa yhdistyksen kokouksissa (ei \u00e4\u00e4nioikeutta), mutta heill\u00e4 on kuitenkin l\u00e4sn\u00e4olo- ja puheoikeus. Kannatusj\u00e4sen maksaa vuosittain kannatusj\u00e4senmaksun.<\/span><\/p><p><span style=\"font-weight: 400;\">Kunniapuheenjohtajaksi tai kunniaj\u00e4seneksi voidaan hallituksen esityksest\u00e4 yhdistyksen kokouksessa kutsua henkil\u00f6, joka on huomattavasti edist\u00e4nyt ja tukenut yhdistyksen toimintaa. My\u00f6s j\u00e4senist\u00f6 voi kutsua kunniapuheenjohtajan tai kunniaj\u00e4senen, \u00be:n enemmist\u00f6ll\u00e4.<\/span><\/p>\t\t\t\t\t\t\t\t<\/div>\n\t\t\t\t<\/div>\n\t\t\t\t<div class=\"elementor-element elementor-element-b322b9a elementor-widget elementor-widget-heading\" data-id=\"b322b9a\" data-element_type=\"widget\" data-e-type=\"widget\" data-widget_type=\"heading.default\">\n\t\t\t\t<div class=\"elementor-widget-container\">\n\t\t\t\t\t<h2 class=\"elementor-heading-title elementor-size-default\">4. Liittymis- ja j\u00e4senmaksu<\/h2>\t\t\t\t<\/div>\n\t\t\t\t<\/div>\n\t\t\t\t<div class=\"elementor-element elementor-element-5710027 elementor-widget elementor-widget-text-editor\" data-id=\"5710027\" data-element_type=\"widget\" data-e-type=\"widget\" data-widget_type=\"text-editor.default\">\n\t\t\t\t<div class=\"elementor-widget-container\">\n\t\t\t\t\t\t\t\t\t<p><span style=\"font-weight: 400;\">Varsinaisilta j\u00e4senilt\u00e4 ja kannatusj\u00e4senilt\u00e4 peritt\u00e4v\u00e4n liittymismaksun ja vuotuisen j\u00e4senmaksun suuruudesta erikseen kullekin j\u00e4senryhm\u00e4lle p\u00e4\u00e4tt\u00e4\u00e4 syyskokous. J\u00e4senmaksu on voimassa vain sin\u00e4 tilikautena, jona se on maksettu. Jos j\u00e4sen eroaa tai erotetaan, h\u00e4nelle ei hyvitet\u00e4 liittymis- tai j\u00e4senmaksua.<\/span><\/p>\t\t\t\t\t\t\t\t<\/div>\n\t\t\t\t<\/div>\n\t\t\t\t<div class=\"elementor-element elementor-element-2971719 elementor-widget elementor-widget-heading\" data-id=\"2971719\" data-element_type=\"widget\" data-e-type=\"widget\" data-widget_type=\"heading.default\">\n\t\t\t\t<div class=\"elementor-widget-container\">\n\t\t\t\t\t<h2 class=\"elementor-heading-title elementor-size-default\">5. J\u00e4senyydest\u00e4 eroaminen ja erottaminen<\/h2>\t\t\t\t<\/div>\n\t\t\t\t<\/div>\n\t\t\t\t<div class=\"elementor-element elementor-element-fc8f4d0 elementor-widget elementor-widget-text-editor\" data-id=\"fc8f4d0\" data-element_type=\"widget\" data-e-type=\"widget\" data-widget_type=\"text-editor.default\">\n\t\t\t\t<div class=\"elementor-widget-container\">\n\t\t\t\t\t\t\t\t\t<p>J\u00e4senell\u00e4 on oikeus erota yhdistyksest\u00e4 ilmoittamalla siit\u00e4 kirjallisesti hallitukselle tai sen puheenjohtajalle taikka ilmoittamalla erosta yhdistyksen kokouksessa merkitt\u00e4v\u00e4ksi p\u00f6yt\u00e4kirjaan.<\/p><p>Hallitus tai yhdistys voi erottaa j\u00e4senen yhdistyksest\u00e4, jos j\u00e4sen on j\u00e4tt\u00e4nyt er\u00e4\u00e4ntyneen j\u00e4senmaksunsa maksamatta tai muuten j\u00e4tt\u00e4nyt t\u00e4ytt\u00e4m\u00e4tt\u00e4 ne velvoitteet, joihin h\u00e4n on yhdistykseen liittym\u00e4ll\u00e4 sitoutunut tai on menettelyll\u00e4\u00e4n yhdistyksess\u00e4 tai sen ulkopuolella huomattavasti aiheuttanut yhdistykselle taloudellista tai muuta merkitt\u00e4v\u00e4\u00e4 vahinkoa tai ei en\u00e4\u00e4 t\u00e4yt\u00e4 laissa taikka yhdistyksen s\u00e4\u00e4nn\u00f6iss\u00e4 mainittuja j\u00e4senyyden ehtoja.<\/p>\t\t\t\t\t\t\t\t<\/div>\n\t\t\t\t<\/div>\n\t\t\t\t<div class=\"elementor-element elementor-element-0a0751b elementor-widget elementor-widget-heading\" data-id=\"0a0751b\" data-element_type=\"widget\" data-e-type=\"widget\" data-widget_type=\"heading.default\">\n\t\t\t\t<div class=\"elementor-widget-container\">\n\t\t\t\t\t<h2 class=\"elementor-heading-title elementor-size-default\">6. Hallitus\n<\/h2>\t\t\t\t<\/div>\n\t\t\t\t<\/div>\n\t\t\t\t<div class=\"elementor-element elementor-element-9f9374d elementor-widget elementor-widget-text-editor\" data-id=\"9f9374d\" data-element_type=\"widget\" data-e-type=\"widget\" data-widget_type=\"text-editor.default\">\n\t\t\t\t<div class=\"elementor-widget-container\">\n\t\t\t\t\t\t\t\t\t<p>Yhdistyksen asioita hoitaa hallitus, johon kuuluu syyskokouksessa valitut puheenjohtaja ja 2-10 muuta varsinaista j\u00e4sent\u00e4, sek\u00e4 0-20 varaj\u00e4sent\u00e4.<\/p><p>Hallituksen toimikausi on kalenterivuosi 1.1.-31.12.<br \/>Hallituksen puheenjohtajan kausien m\u00e4\u00e4r\u00e4 rajataan kahteen per\u00e4tt\u00e4iseen kalenterivuoteen.<\/p><p>Hallitus valitsee keskuudestaan varapuheenjohtajan, sek\u00e4 ottaa keskuudestaan tai ulkopuoleltaan sihteerin, rahastonhoitajan ja muut tarvittavat toimihenkil\u00f6t.<\/p><p>Hallitus kokoontuu puheenjohtajan tai h\u00e4nen estyneen\u00e4 ollessaan varapuheenjohtajan kutsusta, kun he katsovat siihen olevan aihetta tai kun v\u00e4hint\u00e4\u00e4n puolet hallituksen j\u00e4senist\u00e4 sit\u00e4 vaatii.<\/p><p>Hallitus on p\u00e4\u00e4t\u00f6svaltainen, kun v\u00e4hint\u00e4\u00e4n puolet sen j\u00e4senist\u00e4, puheenjohtaja tai varapuheenjohtaja mukaan luettuna on l\u00e4sn\u00e4. \u00c4\u00e4nestykset ratkaistaan ehdottomalla \u00e4\u00e4ntenenemmist\u00f6ll\u00e4. \u00c4\u00e4nten menness\u00e4 tasan ratkaisee puheenjohtajan \u00e4\u00e4ni, vaaleissa kuitenkin arpa.<\/p><p>Hallituksen kokouksista tulee laatia p\u00f6yt\u00e4kirjat, ja ne ovat my\u00f6s j\u00e4senten n\u00e4ht\u00e4vill\u00e4.<\/p>\t\t\t\t\t\t\t\t<\/div>\n\t\t\t\t<\/div>\n\t\t\t\t<div class=\"elementor-element elementor-element-7d5ff5d elementor-widget elementor-widget-heading\" data-id=\"7d5ff5d\" data-element_type=\"widget\" data-e-type=\"widget\" data-widget_type=\"heading.default\">\n\t\t\t\t<div class=\"elementor-widget-container\">\n\t\t\t\t\t<h2 class=\"elementor-heading-title elementor-size-default\">7. Yhdistyksen nimen kirjoittaminen\n<\/h2>\t\t\t\t<\/div>\n\t\t\t\t<\/div>\n\t\t\t\t<div class=\"elementor-element elementor-element-6cdd991 elementor-widget elementor-widget-text-editor\" data-id=\"6cdd991\" data-element_type=\"widget\" data-e-type=\"widget\" data-widget_type=\"text-editor.default\">\n\t\t\t\t<div class=\"elementor-widget-container\">\n\t\t\t\t\t\t\t\t\t<p>Yhdistyksen nimen kirjoittaa yksin hallituksen puheenjohtaja, varapuheenjohtaja, sihteeri tai yhdistyksen rahastonhoitaja, tai hallituksen t\u00e4h\u00e4n teht\u00e4v\u00e4\u00e4n m\u00e4\u00e4r\u00e4\u00e4m\u00e4 henkil\u00f6.<\/p>\t\t\t\t\t\t\t\t<\/div>\n\t\t\t\t<\/div>\n\t\t\t\t<div class=\"elementor-element elementor-element-e61f61e elementor-widget elementor-widget-heading\" data-id=\"e61f61e\" data-element_type=\"widget\" data-e-type=\"widget\" data-widget_type=\"heading.default\">\n\t\t\t\t<div class=\"elementor-widget-container\">\n\t\t\t\t\t<h2 class=\"elementor-heading-title elementor-size-default\">8. Tilikausi\n<\/h2>\t\t\t\t<\/div>\n\t\t\t\t<\/div>\n\t\t\t\t<div class=\"elementor-element elementor-element-76f817f elementor-widget elementor-widget-text-editor\" data-id=\"76f817f\" data-element_type=\"widget\" data-e-type=\"widget\" data-widget_type=\"text-editor.default\">\n\t\t\t\t<div class=\"elementor-widget-container\">\n\t\t\t\t\t\t\t\t\t<p>Yhdistyksen tilikausi on kalenterivuosi.<\/p>\t\t\t\t\t\t\t\t<\/div>\n\t\t\t\t<\/div>\n\t\t\t\t<div class=\"elementor-element elementor-element-2b848d7 elementor-widget elementor-widget-heading\" data-id=\"2b848d7\" data-element_type=\"widget\" data-e-type=\"widget\" data-widget_type=\"heading.default\">\n\t\t\t\t<div class=\"elementor-widget-container\">\n\t\t\t\t\t<h2 class=\"elementor-heading-title elementor-size-default\">9. Yhdistyksen kokoukset\n<\/h2>\t\t\t\t<\/div>\n\t\t\t\t<\/div>\n\t\t\t\t<div class=\"elementor-element elementor-element-783b324 elementor-widget elementor-widget-text-editor\" data-id=\"783b324\" data-element_type=\"widget\" data-e-type=\"widget\" data-widget_type=\"text-editor.default\">\n\t\t\t\t<div class=\"elementor-widget-container\">\n\t\t\t\t\t\t\t\t\t<p>Yhdistys pit\u00e4\u00e4 vuosittain kaksi varsinaista kokousta. Yhdistyksen kev\u00e4tkokous pidet\u00e4\u00e4n tammi-toukokuussa ja syyskokous syys-joulukuussa hallituksen m\u00e4\u00e4r\u00e4\u00e4m\u00e4n\u00e4 p\u00e4iv\u00e4n\u00e4. Ylim\u00e4\u00e4r\u00e4inen kokous pidet\u00e4\u00e4n, kun yhdistyksen kokous niin p\u00e4\u00e4tt\u00e4\u00e4 tai kun hallitus katsoo siihen olevan aihetta tai kun v\u00e4hint\u00e4\u00e4n kymmenesosa (1\/10) yhdistyksen \u00e4\u00e4nioikeutetuista j\u00e4senist\u00e4 sit\u00e4 hallitukselta erityisesti ilmoitettua asiaa varten kirjallisesti vaatii. Kokous on pidett\u00e4v\u00e4 kolmenkymmenen vuorokauden kuluessa siit\u00e4, kun vaatimus sen pit\u00e4misest\u00e4 on esitetty hallitukselle.<\/p><p>Yhdistyksen kokouksissa on jokaisella j\u00e4senell\u00e4 yksi \u00e4\u00e4ni.<\/p><p>Yhdistyksen kokouksen p\u00e4\u00e4t\u00f6kseksi tulee, ellei s\u00e4\u00e4nn\u00f6iss\u00e4 ole toisin m\u00e4\u00e4r\u00e4tty, se mielipide, jota on kannattanut yli puolet annetuista \u00e4\u00e4nist\u00e4. \u00c4\u00e4nten menness\u00e4 tasan ratkaisee kokouksen puheenjohtajan \u00e4\u00e4ni, vaaleissa kuitenkin arpa.<\/p><p>Yhdistyksen kokouksiin voi osallistua fyysisen l\u00e4sn\u00e4olon lis\u00e4ksi my\u00f6s et\u00e4yhteydell\u00e4. Et\u00e4osallistuminen voi tapahtua vain kokouksen aikana (reaaliaikainen osallistuminen) kokouskutsussa ilmoitetun tietoliikenneyhteytt\u00e4 ja teknist\u00e4 apuv\u00e4linett\u00e4 hy\u00f6dynt\u00e4v\u00e4n sovelluksen kautta.<\/p>\t\t\t\t\t\t\t\t<\/div>\n\t\t\t\t<\/div>\n\t\t\t\t<div class=\"elementor-element elementor-element-07fd3aa elementor-widget elementor-widget-heading\" data-id=\"07fd3aa\" data-element_type=\"widget\" data-e-type=\"widget\" data-widget_type=\"heading.default\">\n\t\t\t\t<div class=\"elementor-widget-container\">\n\t\t\t\t\t<h2 class=\"elementor-heading-title elementor-size-default\">10. Yhdistyksen kokouksien koolle kutsuminen<\/h2>\t\t\t\t<\/div>\n\t\t\t\t<\/div>\n\t\t\t\t<div class=\"elementor-element elementor-element-5a2d3a4 elementor-widget elementor-widget-text-editor\" data-id=\"5a2d3a4\" data-element_type=\"widget\" data-e-type=\"widget\" data-widget_type=\"text-editor.default\">\n\t\t\t\t<div class=\"elementor-widget-container\">\n\t\t\t\t\t\t\t\t\t<p>Hallituksen on kutsuttava yhdistyksen kokoukset koolle v\u00e4hint\u00e4\u00e4n seitsem\u00e4n vuorokautta ennen kokousta j\u00e4senille postitetuilla kirjeill\u00e4, s\u00e4hk\u00f6postitse, yhdistyksen verkkosivuilla tai yhdistyksen viestint\u00e4kanavissa.<\/p>\t\t\t\t\t\t\t\t<\/div>\n\t\t\t\t<\/div>\n\t\t\t\t<div class=\"elementor-element elementor-element-bd4e32f elementor-widget elementor-widget-heading\" data-id=\"bd4e32f\" data-element_type=\"widget\" data-e-type=\"widget\" data-widget_type=\"heading.default\">\n\t\t\t\t<div class=\"elementor-widget-container\">\n\t\t\t\t\t<h2 class=\"elementor-heading-title elementor-size-default\">11. Varsinaiset kokoukset<\/h2>\t\t\t\t<\/div>\n\t\t\t\t<\/div>\n\t\t\t\t<div class=\"elementor-element elementor-element-e8a259d elementor-widget elementor-widget-text-editor\" data-id=\"e8a259d\" data-element_type=\"widget\" data-e-type=\"widget\" data-widget_type=\"text-editor.default\">\n\t\t\t\t<div class=\"elementor-widget-container\">\n\t\t\t\t\t\t\t\t\t<p>Yhdistyksen kev\u00e4tkokouksessa k\u00e4sitell\u00e4\u00e4n seuraavat asiat:<\/p><ol><li>Kokouksen avaus<\/li><li>Valitaan kokouksen puheenjohtaja, sihteeri, kaksi p\u00f6yt\u00e4kirjantarkastajaa, jotka toimivat tarvittaessa \u00e4\u00e4ntenlaskijoina<\/li><li>Todetaan kokouksen laillisuus ja p\u00e4\u00e4t\u00f6svaltaisuus<\/li><li>Hyv\u00e4ksyt\u00e4\u00e4n kokouksen ty\u00f6j\u00e4rjestys<\/li><li>Esitet\u00e4\u00e4n tilinp\u00e4\u00e4t\u00f6s, vuosikertomus ja toiminnantarkastajien\/tilintarkastajien lausunto<\/li><li>P\u00e4\u00e4tet\u00e4\u00e4n tilinp\u00e4\u00e4t\u00f6ksen vahvistamisesta ja vastuuvapauden my\u00f6nt\u00e4misest\u00e4 hallitukselle ja muille vastuuvelvollisille<\/li><li>K\u00e4sitell\u00e4\u00e4n muut kokouskutsussa mainitut asiat.<\/li><\/ol><p>Yhdistyksen syyskokouksessa k\u00e4sitell\u00e4\u00e4n seuraavat asiat:<\/p><ol><li>Kokouksen avaus<\/li><li>Valitaan kokouksen puheenjohtaja, sihteeri, kaksi p\u00f6yt\u00e4kirjantarkastajaa, jotka toimivat tarvittaessa \u00e4\u00e4ntenlaskijoina<\/li><li>Todetaan kokouksen laillisuus ja p\u00e4\u00e4t\u00f6svaltaisuus<\/li><li>Hyv\u00e4ksyt\u00e4\u00e4n kokouksen ty\u00f6j\u00e4rjestys<\/li><li>Vahvistetaan toimintasuunnitelma, tulo- ja menoarvio sek\u00e4 j\u00e4senmaksujen suuruudet seuraavalle tilikaudelle<\/li><li>Valitaan hallituksen puheenjohtaja ja muut j\u00e4senet<\/li><li>Valitaan yksi toiminnantarkastajaa ja varatoiminnantarkastaja seuraavalle tilikaudelle<\/li><li>K\u00e4sitell\u00e4\u00e4n muut kokouskutsussa mainitut asiat.<\/li><\/ol><p>Mik\u00e4li yhdistyksen j\u00e4sen haluaa saada jonkin asian yhdistyksen kev\u00e4t- tai syyskokouksen k\u00e4sitelt\u00e4v\u00e4ksi, on h\u00e4nen ilmoitettava siit\u00e4 kirjallisesti hallitukselle niin hyviss\u00e4 ajoin, ett\u00e4 asia voidaan sis\u00e4llytt\u00e4\u00e4 kokouskutsuun.<\/p>\t\t\t\t\t\t\t\t<\/div>\n\t\t\t\t<\/div>\n\t\t\t\t<div class=\"elementor-element elementor-element-5197e59 elementor-widget elementor-widget-heading\" data-id=\"5197e59\" data-element_type=\"widget\" data-e-type=\"widget\" data-widget_type=\"heading.default\">\n\t\t\t\t<div class=\"elementor-widget-container\">\n\t\t\t\t\t<h2 class=\"elementor-heading-title elementor-size-default\">12. S\u00e4\u00e4nt\u00f6jen muuttaminen ja yhdistyksen purkaminen<\/h2>\t\t\t\t<\/div>\n\t\t\t\t<\/div>\n\t\t\t\t<div class=\"elementor-element elementor-element-b6950d1 elementor-widget elementor-widget-text-editor\" data-id=\"b6950d1\" data-element_type=\"widget\" data-e-type=\"widget\" data-widget_type=\"text-editor.default\">\n\t\t\t\t<div class=\"elementor-widget-container\">\n\t\t\t\t\t\t\t\t\t<p>P\u00e4\u00e4t\u00f6s s\u00e4\u00e4nt\u00f6jen muuttamisesta ja yhdistyksen purkamisesta on teht\u00e4v\u00e4 yhdistyksen kokouksessa v\u00e4hint\u00e4\u00e4n kolmen nelj\u00e4sosan (3\/4) enemmist\u00f6ll\u00e4 annetuista \u00e4\u00e4nist\u00e4. Kokouskutsussa on mainittava s\u00e4\u00e4nt\u00f6jen muuttamisesta tai yhdistyksen purkamisesta. Yhdistyksen purkautuessa k\u00e4ytet\u00e4\u00e4n yhdistyksen varat yhdistyksen tarkoituksen edist\u00e4miseen purkamisesta p\u00e4\u00e4tt\u00e4v\u00e4n kokouksen m\u00e4\u00e4r\u00e4\u00e4m\u00e4ll\u00e4 tavalla. Yhdistyksen tullessa lakkautetuksi k\u00e4ytet\u00e4\u00e4n sen varat samaan tarkoitukseen.<\/p>\t\t\t\t\t\t\t\t<\/div>\n\t\t\t\t<\/div>\n\t\t\t\t\t<\/div>\n\t\t<\/div>\n\t\t\t\t\t<\/div>\n\t\t<\/section>\n\t\t\t\t\t<\/div>\n\t\t<\/div>\n\t\t\t\t\t<\/div>\n\t\t<\/section>\n\t\t\t\t<\/div>","protected":false},"excerpt":{"rendered":"<p>Kulttuurikiihdytt\u00e4m\u00f6 ry:n s\u00e4\u00e4nn\u00f6t 1. Yhdistyksen nimi ja kotipaikka Yhdistyksen nimi on Kulttuurikiihdytt\u00e4m\u00f6 ry ja sen kotipaikka on Oulu. 2. Tarkoitus ja toimintamuodot Yhdistyksen tarkoituksena on edist\u00e4\u00e4 toimialueensa kulttuuritoimintaa. Yhdistyksen toiminta on yleishy\u00f6dyllist\u00e4 ja voittoa tavoittelematonta. Tarkoituksen toteuttamiseksi yhdistys: J\u00e4rjest\u00e4\u00e4, tiedottaa ja verkostoituu eri toimijoiden kanssa. Toimintansa tueksi j\u00e4rjest\u00f6 voi: Hallita ja omistaa toimintaansa varten tarvittavia [&hellip;]<\/p>","protected":false},"author":2,"featured_media":0,"parent":0,"menu_order":0,"comment_status":"closed","ping_status":"closed","template":"","meta":{"_monsterinsights_skip_tracking":false,"_monsterinsights_sitenote_active":false,"_monsterinsights_sitenote_note":"","_monsterinsights_sitenote_category":0,"footnotes":""},"class_list":["post-124","page","type-page","status-publish","hentry"],"aioseo_notices":[],"_links":{"self":[{"href":"https:\/\/kulttuurikiihdyttamo.fi\/en\/wp-json\/wp\/v2\/pages\/124","targetHints":{"allow":["GET"]}}],"collection":[{"href":"https:\/\/kulttuurikiihdyttamo.fi\/en\/wp-json\/wp\/v2\/pages"}],"about":[{"href":"https:\/\/kulttuurikiihdyttamo.fi\/en\/wp-json\/wp\/v2\/types\/page"}],"author":[{"embeddable":true,"href":"https:\/\/kulttuurikiihdyttamo.fi\/en\/wp-json\/wp\/v2\/users\/2"}],"replies":[{"embeddable":true,"href":"https:\/\/kulttuurikiihdyttamo.fi\/en\/wp-json\/wp\/v2\/comments?post=124"}],"version-history":[{"count":4,"href":"https:\/\/kulttuurikiihdyttamo.fi\/en\/wp-json\/wp\/v2\/pages\/124\/revisions"}],"predecessor-version":[{"id":1119,"href":"https:\/\/kulttuurikiihdyttamo.fi\/en\/wp-json\/wp\/v2\/pages\/124\/revisions\/1119"}],"wp:attachment":[{"href":"https:\/\/kulttuurikiihdyttamo.fi\/en\/wp-json\/wp\/v2\/media?parent=124"}],"curies":[{"name":"wp","href":"https:\/\/api.w.org\/{rel}","templated":true}]}}