{"id":261,"date":"2021-04-13T01:02:33","date_gmt":"2021-04-12T22:02:33","guid":{"rendered":"https:\/\/whm48.louhi.net\/~kulttuur\/?page_id=261"},"modified":"2026-03-20T13:24:11","modified_gmt":"2026-03-20T11:24:11","slug":"galleria-taso","status":"publish","type":"page","link":"https:\/\/kulttuurikiihdyttamo.fi\/en\/galleria-taso\/","title":{"rendered":"Galleria TASO"},"content":{"rendered":"<div data-elementor-type=\"wp-page\" data-elementor-id=\"261\" class=\"elementor elementor-261\">\n\t\t\t\t\t\t<section class=\"elementor-section elementor-top-section elementor-element elementor-element-c61d966 elementor-section-boxed elementor-section-height-default elementor-section-height-default\" data-id=\"c61d966\" data-element_type=\"section\" data-e-type=\"section\" data-settings=\"{&quot;background_background&quot;:&quot;classic&quot;}\">\n\t\t\t\t\t\t<div class=\"elementor-container elementor-column-gap-default\">\n\t\t\t\t\t<div class=\"elementor-column elementor-col-100 elementor-top-column elementor-element elementor-element-b746104\" data-id=\"b746104\" data-element_type=\"column\" data-e-type=\"column\">\n\t\t\t<div class=\"elementor-widget-wrap elementor-element-populated\">\n\t\t\t\t\t\t<section class=\"elementor-section elementor-inner-section elementor-element elementor-element-d42eb3a elementor-section-boxed elementor-section-height-default elementor-section-height-default\" data-id=\"d42eb3a\" data-element_type=\"section\" data-e-type=\"section\">\n\t\t\t\t\t\t<div class=\"elementor-container elementor-column-gap-default\">\n\t\t\t\t\t\t<\/div>\n\t\t<\/section>\n\t\t\t\t<section class=\"elementor-section elementor-inner-section elementor-element elementor-element-aa08623 elementor-section-boxed elementor-section-height-default elementor-section-height-default\" data-id=\"aa08623\" data-element_type=\"section\" data-e-type=\"section\">\n\t\t\t\t\t\t<div class=\"elementor-container elementor-column-gap-default\">\n\t\t\t\t\t<div class=\"elementor-column elementor-col-50 elementor-inner-column elementor-element elementor-element-00692b4\" data-id=\"00692b4\" data-element_type=\"column\" data-e-type=\"column\" data-settings=\"{&quot;background_background&quot;:&quot;slideshow&quot;,&quot;background_slideshow_gallery&quot;:[{&quot;id&quot;:264,&quot;url&quot;:&quot;https:\\\/\\\/kulttuurikiihdyttamo.fi\\\/wp-content\\\/uploads\\\/2021\\\/04\\\/Galleria-TASO_logo-01.png&quot;}],&quot;background_slideshow_loop&quot;:&quot;yes&quot;,&quot;background_slideshow_slide_duration&quot;:5000,&quot;background_slideshow_slide_transition&quot;:&quot;fade&quot;,&quot;background_slideshow_transition_duration&quot;:500}\">\n\t\t\t<div class=\"elementor-widget-wrap\">\n\t\t\t\t\t\t\t<\/div>\n\t\t<\/div>\n\t\t\t\t<div class=\"elementor-column elementor-col-50 elementor-inner-column elementor-element elementor-element-4bae045\" data-id=\"4bae045\" data-element_type=\"column\" data-e-type=\"column\">\n\t\t\t<div class=\"elementor-widget-wrap elementor-element-populated\">\n\t\t\t\t\t\t<div class=\"elementor-element elementor-element-01b7826 elementor-widget elementor-widget-text-editor\" data-id=\"01b7826\" data-element_type=\"widget\" data-e-type=\"widget\" data-widget_type=\"text-editor.default\">\n\t\t\t\t<div class=\"elementor-widget-container\">\n\t\t\t\t\t\t\t\t\t<h2 class=\"elementor-heading-title elementor-size-default elementor-inline-editing pen\" style=\"font-family: 'Germania One', sans-serif; font-weight: var( --e-global-typography-primary-font-weight ); color: #000000; font-size: 45px; letter-spacing: 1.4px; text-align: center;\" data-elementor-setting-key=\"title\" data-pen-placeholder=\"Kirjoita t\u00e4h\u00e4n...\">Galleria TASO<\/h2><p><br \/>Galleria TASO on monitasoinen, uutta taidetta esittelev\u00e4 n\u00e4yttelytila. Portaikkoon sijoitetussa galleriassa on esill\u00e4 Kulttuurikiihdytt\u00e4m\u00f6 ry:n j\u00e4senten, Pikisaaren Kutomolla ty\u00f6skentelevien taiteilijoiden ja ulkopuolisten hakijoiden kuukausittain vaihtuvia n\u00e4yttelyit\u00e4. Tervetuloa!<\/p><p>Avoinna: ma-pe 8:00-18:00 ja la 10:00-16:00.<br \/>Viikonloppuaukiolot ovat n\u00e4yttely kohtaisia.<\/p><p>Gallerian l\u00f6yd\u00e4t osoitteesta:<br \/>Pikisaarentie 15 B1, 90100 Oulu<\/p>\t\t\t\t\t\t\t\t<\/div>\n\t\t\t\t<\/div>\n\t\t\t\t<div class=\"elementor-element elementor-element-a3b7288 elementor-shape-square e-grid-align-left elementor-grid-0 elementor-widget elementor-widget-social-icons\" data-id=\"a3b7288\" data-element_type=\"widget\" data-e-type=\"widget\" data-widget_type=\"social-icons.default\">\n\t\t\t\t<div class=\"elementor-widget-container\">\n\t\t\t\t\t\t\t<div class=\"elementor-social-icons-wrapper elementor-grid\" role=\"list\">\n\t\t\t\t\t\t\t<span class=\"elementor-grid-item\" role=\"listitem\">\n\t\t\t\t\t<a class=\"elementor-icon elementor-social-icon elementor-social-icon-facebook-square elementor-repeater-item-1afc0ca\" href=\"https:\/\/www.facebook.com\/galleriaTASO\" target=\"_blank\">\n\t\t\t\t\t\t<span class=\"elementor-screen-only\">Facebook-square<\/span>\n\t\t\t\t\t\t<svg aria-hidden=\"true\" class=\"e-font-icon-svg e-fab-facebook-square\" viewbox=\"0 0 448 512\" xmlns=\"http:\/\/www.w3.org\/2000\/svg\"><path d=\"M400 32H48A48 48 0 0 0 0 80v352a48 48 0 0 0 48 48h137.25V327.69h-63V256h63v-54.64c0-62.15 37-96.48 93.67-96.48 27.14 0 55.52 4.84 55.52 4.84v61h-31.27c-30.81 0-40.42 19.12-40.42 38.73V256h68.78l-11 71.69h-57.78V480H400a48 48 0 0 0 48-48V80a48 48 0 0 0-48-48z\"><\/path><\/svg>\t\t\t\t\t<\/a>\n\t\t\t\t<\/span>\n\t\t\t\t\t\t\t<span class=\"elementor-grid-item\" role=\"listitem\">\n\t\t\t\t\t<a class=\"elementor-icon elementor-social-icon elementor-social-icon-instagram elementor-repeater-item-b71330c\" href=\"https:\/\/www.instagram.com\/galleriataso\" target=\"_blank\">\n\t\t\t\t\t\t<span class=\"elementor-screen-only\">Instagram<\/span>\n\t\t\t\t\t\t<svg aria-hidden=\"true\" class=\"e-font-icon-svg e-fab-instagram\" viewbox=\"0 0 448 512\" xmlns=\"http:\/\/www.w3.org\/2000\/svg\"><path d=\"M224.1 141c-63.6 0-114.9 51.3-114.9 114.9s51.3 114.9 114.9 114.9S339 319.5 339 255.9 287.7 141 224.1 141zm0 189.6c-41.1 0-74.7-33.5-74.7-74.7s33.5-74.7 74.7-74.7 74.7 33.5 74.7 74.7-33.6 74.7-74.7 74.7zm146.4-194.3c0 14.9-12 26.8-26.8 26.8-14.9 0-26.8-12-26.8-26.8s12-26.8 26.8-26.8 26.8 12 26.8 26.8zm76.1 27.2c-1.7-35.9-9.9-67.7-36.2-93.9-26.2-26.2-58-34.4-93.9-36.2-37-2.1-147.9-2.1-184.9 0-35.8 1.7-67.6 9.9-93.9 36.1s-34.4 58-36.2 93.9c-2.1 37-2.1 147.9 0 184.9 1.7 35.9 9.9 67.7 36.2 93.9s58 34.4 93.9 36.2c37 2.1 147.9 2.1 184.9 0 35.9-1.7 67.7-9.9 93.9-36.2 26.2-26.2 34.4-58 36.2-93.9 2.1-37 2.1-147.8 0-184.8zM398.8 388c-7.8 19.6-22.9 34.7-42.6 42.6-29.5 11.7-99.5 9-132.1 9s-102.7 2.6-132.1-9c-19.6-7.8-34.7-22.9-42.6-42.6-11.7-29.5-9-99.5-9-132.1s-2.6-102.7 9-132.1c7.8-19.6 22.9-34.7 42.6-42.6 29.5-11.7 99.5-9 132.1-9s102.7-2.6 132.1 9c19.6 7.8 34.7 22.9 42.6 42.6 11.7 29.5 9 99.5 9 132.1s2.7 102.7-9 132.1z\"><\/path><\/svg>\t\t\t\t\t<\/a>\n\t\t\t\t<\/span>\n\t\t\t\t\t<\/div>\n\t\t\t\t\t\t<\/div>\n\t\t\t\t<\/div>\n\t\t\t\t\t<\/div>\n\t\t<\/div>\n\t\t\t\t\t<\/div>\n\t\t<\/section>\n\t\t\t\t\t<\/div>\n\t\t<\/div>\n\t\t\t\t\t<\/div>\n\t\t<\/section>\n\t\t\t\t<section class=\"elementor-section elementor-top-section elementor-element elementor-element-fe57161 elementor-section-boxed elementor-section-height-default elementor-section-height-default\" data-id=\"fe57161\" data-element_type=\"section\" data-e-type=\"section\">\n\t\t\t\t\t\t<div class=\"elementor-container elementor-column-gap-default\">\n\t\t\t\t\t<div class=\"elementor-column elementor-col-100 elementor-top-column elementor-element elementor-element-530833d\" data-id=\"530833d\" data-element_type=\"column\" data-e-type=\"column\">\n\t\t\t<div class=\"elementor-widget-wrap elementor-element-populated\">\n\t\t\t\t\t\t<div class=\"elementor-element elementor-element-f294bc7 elementor-widget elementor-widget-heading\" data-id=\"f294bc7\" data-element_type=\"widget\" data-e-type=\"widget\" data-widget_type=\"heading.default\">\n\t\t\t\t<div class=\"elementor-widget-container\">\n\t\t\t\t\t<h2 class=\"elementor-heading-title elementor-size-default\">N\u00e4yttelykalenteri 2026<\/h2>\t\t\t\t<\/div>\n\t\t\t\t<\/div>\n\t\t\t\t<div class=\"elementor-element elementor-element-d867eef elementor-widget elementor-widget-text-editor\" data-id=\"d867eef\" data-element_type=\"widget\" data-e-type=\"widget\" data-widget_type=\"text-editor.default\">\n\t\t\t\t<div class=\"elementor-widget-container\">\n\t\t\t\t\t\t\t\t\t<p><strong>Helmikuu:<\/strong> Heikki Annala &amp; Kari Reponen<br aria-hidden=\"true\" \/><strong>Maaliskuu:<\/strong> Vapaa<br aria-hidden=\"true\" \/><strong>Huhtikuu:<\/strong> Vapaa<br aria-hidden=\"true\" \/><strong>Toukokuu:<\/strong> Aino Mikkonen<br aria-hidden=\"true\" \/><strong>Kes\u00e4kuu:<\/strong> Juho M\u00e4ntypuro<br aria-hidden=\"true\" \/><strong>Hein\u00e4kuu:<\/strong> Kulttuurikiihdytt\u00e4m\u00f6n kes\u00e4n\u00e4yttely<br aria-hidden=\"true\" \/><strong>Elokuu:<\/strong> Sirpa Grip &amp; Jenna Kauppi <br aria-hidden=\"true\" \/><strong>Syyskuu:<\/strong> Tullisaaren kekri -n\u00e4yttely<br aria-hidden=\"true\" \/><strong>Lokakuu:<\/strong> Enrique Cordero<br aria-hidden=\"true\" \/><strong>Marraskuu:<\/strong> Petra Virtala<br aria-hidden=\"true\" \/><strong>Joulukuu-tammikuu:<\/strong> Mari Pohjanvesi<\/p>\t\t\t\t\t\t\t\t<\/div>\n\t\t\t\t<\/div>\n\t\t\t\t\t<\/div>\n\t\t<\/div>\n\t\t\t\t\t<\/div>\n\t\t<\/section>\n\t\t\t\t<section class=\"elementor-section elementor-top-section elementor-element elementor-element-3169d43 elementor-section-boxed elementor-section-height-default elementor-section-height-default\" data-id=\"3169d43\" data-element_type=\"section\" data-e-type=\"section\">\n\t\t\t\t\t\t<div class=\"elementor-container elementor-column-gap-default\">\n\t\t\t\t\t<div class=\"elementor-column elementor-col-100 elementor-top-column elementor-element elementor-element-bdf920b\" data-id=\"bdf920b\" data-element_type=\"column\" data-e-type=\"column\">\n\t\t\t<div class=\"elementor-widget-wrap elementor-element-populated\">\n\t\t\t\t\t\t<div class=\"elementor-element elementor-element-7598870 elementor-widget elementor-widget-heading\" data-id=\"7598870\" data-element_type=\"widget\" data-e-type=\"widget\" data-widget_type=\"heading.default\">\n\t\t\t\t<div class=\"elementor-widget-container\">\n\t\t\t\t\t<h2 class=\"elementor-heading-title elementor-size-default\"><a href=\"https:\/\/forms.gle\/WPEm4TqX7DzeUcxBA\" target=\"_blank\">Hae n\u00e4ytteilleasettajaksi<\/a><\/h2>\t\t\t\t<\/div>\n\t\t\t\t<\/div>\n\t\t\t\t<div class=\"elementor-element elementor-element-558fceb elementor-widget elementor-widget-text-editor\" data-id=\"558fceb\" data-element_type=\"widget\" data-e-type=\"widget\" data-widget_type=\"text-editor.default\">\n\t\t\t\t<div class=\"elementor-widget-container\">\n\t\t\t\t\t\t\t\t\t<div>Vuodesta 2025 l\u00e4htien porrasgalleria avautuu my\u00f6s ulkopuolisille hakijoille ja Galleria TASOsta aletaan peri\u00e4 pient\u00e4 n\u00e4yttelyvuokraa. Kulttuurikiihdytt\u00e4m\u00f6 ry:n j\u00e4senille ja Pikisaaren Kutomolla ty\u00f6skenteleville tilavuokra on hieman edullisempi.<\/div><div>\u00a0<\/div><div><p>Hinnasto:<\/p><ul><li>1 kk n\u00e4yttelyaika (max. 2 hl\u00f6): 50\u20ac Kiihdytt\u00e4m\u00f6n j\u00e4senet\/Kutomon toimijat ja 100\u20ac ulkopuoliset hakijat<\/li><li>1 kk n\u00e4yttelyaika isommalle ryhm\u00e4lle: 100\u20ac Kiihdytt\u00e4m\u00f6n j\u00e4senet (ei ulkopuolisia mukana)\/Kutomon toimijat ja 220\u20ac ulkopuoliset hakijat<\/li><li>Jos n\u00e4yttelypaikka peruutetaan alle kuukautta ennen n\u00e4yttelyn alkua, n\u00e4yttelymaksua ei palauteta.<\/li><li>N\u00e4yttelyaika on varattu, kun n\u00e4yttelymaksu n\u00e4kyy yhdistyksen tilill\u00e4.<\/li><li>Hinnat ovat alv. 0%. N\u00e4yttelyvuokraan ei lis\u00e4t\u00e4 arvonlis\u00e4veroa, koska yhdistys ei ole alv-velvollinen.<\/li><\/ul><div><br \/><br \/><\/div><\/div><p>Lis\u00e4infoa l\u00f6yd\u00e4t <a href=\"https:\/\/forms.gle\/WPEm4TqX7DzeUcxBA\" target=\"_blank\" rel=\"noopener\">hakemuksen<\/a> yhteydest\u00e4.<\/p>\t\t\t\t\t\t\t\t<\/div>\n\t\t\t\t<\/div>\n\t\t\t\t\t<\/div>\n\t\t<\/div>\n\t\t\t\t\t<\/div>\n\t\t<\/section>\n\t\t\t\t<\/div>","protected":false},"excerpt":{"rendered":"<p>Galleria TASO Galleria TASO on monitasoinen, uutta taidetta esittelev\u00e4 n\u00e4yttelytila. Portaikkoon sijoitetussa galleriassa on esill\u00e4 Kulttuurikiihdytt\u00e4m\u00f6 ry:n j\u00e4senten, Pikisaaren Kutomolla ty\u00f6skentelevien taiteilijoiden ja ulkopuolisten hakijoiden kuukausittain vaihtuvia n\u00e4yttelyit\u00e4. Tervetuloa! Avoinna: ma-pe 8:00-18:00 ja la 10:00-16:00.Viikonloppuaukiolot ovat n\u00e4yttely kohtaisia. Gallerian l\u00f6yd\u00e4t osoitteesta:Pikisaarentie 15 B1, 90100 Oulu Facebook-square Instagram N\u00e4yttelykalenteri 2026 Helmikuu: Heikki Annala &amp; Kari ReponenMaaliskuu: [&hellip;]<\/p>","protected":false},"author":2,"featured_media":0,"parent":0,"menu_order":0,"comment_status":"closed","ping_status":"closed","template":"","meta":{"_monsterinsights_skip_tracking":false,"_monsterinsights_sitenote_active":false,"_monsterinsights_sitenote_note":"","_monsterinsights_sitenote_category":0,"footnotes":""},"class_list":["post-261","page","type-page","status-publish","hentry"],"aioseo_notices":[],"_links":{"self":[{"href":"https:\/\/kulttuurikiihdyttamo.fi\/en\/wp-json\/wp\/v2\/pages\/261","targetHints":{"allow":["GET"]}}],"collection":[{"href":"https:\/\/kulttuurikiihdyttamo.fi\/en\/wp-json\/wp\/v2\/pages"}],"about":[{"href":"https:\/\/kulttuurikiihdyttamo.fi\/en\/wp-json\/wp\/v2\/types\/page"}],"author":[{"embeddable":true,"href":"https:\/\/kulttuurikiihdyttamo.fi\/en\/wp-json\/wp\/v2\/users\/2"}],"replies":[{"embeddable":true,"href":"https:\/\/kulttuurikiihdyttamo.fi\/en\/wp-json\/wp\/v2\/comments?post=261"}],"version-history":[{"count":60,"href":"https:\/\/kulttuurikiihdyttamo.fi\/en\/wp-json\/wp\/v2\/pages\/261\/revisions"}],"predecessor-version":[{"id":1187,"href":"https:\/\/kulttuurikiihdyttamo.fi\/en\/wp-json\/wp\/v2\/pages\/261\/revisions\/1187"}],"wp:attachment":[{"href":"https:\/\/kulttuurikiihdyttamo.fi\/en\/wp-json\/wp\/v2\/media?parent=261"}],"curies":[{"name":"wp","href":"https:\/\/api.w.org\/{rel}","templated":true}]}}