{"id":959,"date":"2024-08-28T13:03:26","date_gmt":"2024-08-28T10:03:26","guid":{"rendered":"https:\/\/kulttuurikiihdyttamo.fi\/?page_id=959"},"modified":"2026-03-20T13:34:34","modified_gmt":"2026-03-20T11:34:34","slug":"pikigalleria","status":"publish","type":"page","link":"https:\/\/kulttuurikiihdyttamo.fi\/en\/pikigalleria\/","title":{"rendered":""},"content":{"rendered":"<div data-elementor-type=\"wp-page\" data-elementor-id=\"959\" class=\"elementor elementor-959\">\n\t\t\t\t\t\t<section class=\"elementor-section elementor-top-section elementor-element elementor-element-aa7075a elementor-section-boxed elementor-section-height-default elementor-section-height-default\" data-id=\"aa7075a\" data-element_type=\"section\" data-e-type=\"section\" data-settings=\"{&quot;background_background&quot;:&quot;classic&quot;}\">\n\t\t\t\t\t\t<div class=\"elementor-container elementor-column-gap-default\">\n\t\t\t\t\t<div class=\"elementor-column elementor-col-100 elementor-top-column elementor-element elementor-element-c3363a3\" data-id=\"c3363a3\" data-element_type=\"column\" data-e-type=\"column\" data-settings=\"{&quot;background_background&quot;:&quot;classic&quot;}\">\n\t\t\t<div class=\"elementor-widget-wrap elementor-element-populated\">\n\t\t\t\t\t\t<section class=\"elementor-section elementor-inner-section elementor-element elementor-element-c5940c7 elementor-section-boxed elementor-section-height-default elementor-section-height-default\" data-id=\"c5940c7\" data-element_type=\"section\" data-e-type=\"section\">\n\t\t\t\t\t\t<div class=\"elementor-container elementor-column-gap-default\">\n\t\t\t\t\t\t<\/div>\n\t\t<\/section>\n\t\t\t\t<section class=\"elementor-section elementor-inner-section elementor-element elementor-element-e5e9d84 elementor-section-boxed elementor-section-height-default elementor-section-height-default\" data-id=\"e5e9d84\" data-element_type=\"section\" data-e-type=\"section\" data-settings=\"{&quot;background_background&quot;:&quot;classic&quot;}\">\n\t\t\t\t\t\t<div class=\"elementor-container elementor-column-gap-default\">\n\t\t\t\t\t<div class=\"elementor-column elementor-col-50 elementor-inner-column elementor-element elementor-element-2ca70d1\" data-id=\"2ca70d1\" data-element_type=\"column\" data-e-type=\"column\" data-settings=\"{&quot;background_background&quot;:&quot;classic&quot;}\">\n\t\t\t<div class=\"elementor-widget-wrap elementor-element-populated\">\n\t\t\t\t\t\t<div class=\"elementor-element elementor-element-ed7f86b elementor-widget elementor-widget-image\" data-id=\"ed7f86b\" data-element_type=\"widget\" data-e-type=\"widget\" data-widget_type=\"image.default\">\n\t\t\t\t<div class=\"elementor-widget-container\">\n\t\t\t\t\t\t\t\t\t\t\t\t\t\t\t<img fetchpriority=\"high\" decoding=\"async\" width=\"800\" height=\"398\" src=\"https:\/\/kulttuurikiihdyttamo.fi\/wp-content\/uploads\/2024\/08\/Pikigalleria_logo_musta_rgb-1024x510.png\" class=\"attachment-large size-large wp-image-964\" alt=\"\" srcset=\"https:\/\/kulttuurikiihdyttamo.fi\/wp-content\/uploads\/2024\/08\/Pikigalleria_logo_musta_rgb-1024x510.png 1024w, https:\/\/kulttuurikiihdyttamo.fi\/wp-content\/uploads\/2024\/08\/Pikigalleria_logo_musta_rgb-300x149.png 300w, https:\/\/kulttuurikiihdyttamo.fi\/wp-content\/uploads\/2024\/08\/Pikigalleria_logo_musta_rgb-768x382.png 768w, https:\/\/kulttuurikiihdyttamo.fi\/wp-content\/uploads\/2024\/08\/Pikigalleria_logo_musta_rgb-1536x765.png 1536w, https:\/\/kulttuurikiihdyttamo.fi\/wp-content\/uploads\/2024\/08\/Pikigalleria_logo_musta_rgb-2048x1020.png 2048w, https:\/\/kulttuurikiihdyttamo.fi\/wp-content\/uploads\/2024\/08\/Pikigalleria_logo_musta_rgb-18x9.png 18w\" sizes=\"(max-width: 800px) 100vw, 800px\" \/>\t\t\t\t\t\t\t\t\t\t\t\t\t\t\t<\/div>\n\t\t\t\t<\/div>\n\t\t\t\t<div class=\"elementor-element elementor-element-6c7bb3f elementor-widget elementor-widget-image\" data-id=\"6c7bb3f\" data-element_type=\"widget\" data-e-type=\"widget\" data-widget_type=\"image.default\">\n\t\t\t\t<div class=\"elementor-widget-container\">\n\t\t\t\t\t\t\t\t\t\t\t\t\t\t\t<img decoding=\"async\" width=\"800\" height=\"300\" src=\"https:\/\/kulttuurikiihdyttamo.fi\/wp-content\/uploads\/2026\/03\/Oulu2026_logo_black_RGB_FIN_horizontal-1024x384.png\" class=\"attachment-large size-large wp-image-1193\" alt=\"\" srcset=\"https:\/\/kulttuurikiihdyttamo.fi\/wp-content\/uploads\/2026\/03\/Oulu2026_logo_black_RGB_FIN_horizontal-1024x384.png 1024w, https:\/\/kulttuurikiihdyttamo.fi\/wp-content\/uploads\/2026\/03\/Oulu2026_logo_black_RGB_FIN_horizontal-300x113.png 300w, https:\/\/kulttuurikiihdyttamo.fi\/wp-content\/uploads\/2026\/03\/Oulu2026_logo_black_RGB_FIN_horizontal-768x288.png 768w, https:\/\/kulttuurikiihdyttamo.fi\/wp-content\/uploads\/2026\/03\/Oulu2026_logo_black_RGB_FIN_horizontal-1536x576.png 1536w, https:\/\/kulttuurikiihdyttamo.fi\/wp-content\/uploads\/2026\/03\/Oulu2026_logo_black_RGB_FIN_horizontal-2048x769.png 2048w, https:\/\/kulttuurikiihdyttamo.fi\/wp-content\/uploads\/2026\/03\/Oulu2026_logo_black_RGB_FIN_horizontal-18x7.png 18w\" sizes=\"(max-width: 800px) 100vw, 800px\" \/>\t\t\t\t\t\t\t\t\t\t\t\t\t\t\t<\/div>\n\t\t\t\t<\/div>\n\t\t\t\t\t<\/div>\n\t\t<\/div>\n\t\t\t\t<div class=\"elementor-column elementor-col-50 elementor-inner-column elementor-element elementor-element-2f3737f\" data-id=\"2f3737f\" data-element_type=\"column\" data-e-type=\"column\">\n\t\t\t<div class=\"elementor-widget-wrap elementor-element-populated\">\n\t\t\t\t\t\t<div class=\"elementor-element elementor-element-53451e0 elementor-widget elementor-widget-text-editor\" data-id=\"53451e0\" data-element_type=\"widget\" data-e-type=\"widget\" data-widget_type=\"text-editor.default\">\n\t\t\t\t<div class=\"elementor-widget-container\">\n\t\t\t\t\t\t\t\t\t<h2 style=\"font-family: 'Germania One', sans-serif; font-weight: var( --e-global-typography-primary-font-weight ); color: #000000; font-size: 45px; letter-spacing: 1.4px; text-align: center;\" data-elementor-setting-key=\"title\" data-pen-placeholder=\"Kirjoita t\u00e4h\u00e4n...\">Pikigalleria<\/h2><p>Pikigalleria on Kulttuurikiihdytt\u00e4m\u00f6 ry:n yll\u00e4pit\u00e4m\u00e4 taidegalleria Oulun Pikisaaressa, Villatehtaan kulttuuripihapiiriss\u00e4. Galleria toimii aktiivisesti paikallisen taideyhteis\u00f6n keskuksena ja pyrkii edist\u00e4m\u00e4\u00e4n taiteen ja kulttuurin saavutettavuutta ja merkityst\u00e4 Oulussa.<\/p><p>Pikigallerian tavoitteena on tarjota tila, jossa taiteilijat voivat rohkeasti ja luovasti ilmaista itse\u00e4\u00e4n, samalla mahdollistaen vierailijoille laajan ja inspiroivan taidekokemuksen.<\/p><p>Gallerian avara n\u00e4yttelytila on valoisa ja sen ikkunoista tulviva luonnonvalo luo upean ymp\u00e4rist\u00f6n taiteen nauttimiselle. N\u00e4yttelyt vaihtuvat s\u00e4\u00e4nn\u00f6llisesti, tarjoten jatkuvasti uutta ja kiinnostavaa sis\u00e4lt\u00f6\u00e4 vierailijoille.<\/p><p>Galleriaa voi my\u00f6s vuokrata erilaisten tapahtumien j\u00e4rjest\u00e4miseen.<\/p><p>Avoinna ti\u2013pe klo 12\u201318 ja la klo 10\u201316<\/p><p>Gallerian l\u00f6yd\u00e4t osoitteesta:<br \/>Pikisaarentie 15 B1, 2. kerros, 90100 Oulu<\/p><p>Yhteystiedot: pikigalleria(a.t)kulttuurikiihdyttamo.fi<\/p>\t\t\t\t\t\t\t\t<\/div>\n\t\t\t\t<\/div>\n\t\t\t\t<div class=\"elementor-element elementor-element-230a0a2 elementor-shape-square e-grid-align-left elementor-grid-0 elementor-widget elementor-widget-social-icons\" data-id=\"230a0a2\" data-element_type=\"widget\" data-e-type=\"widget\" data-widget_type=\"social-icons.default\">\n\t\t\t\t<div class=\"elementor-widget-container\">\n\t\t\t\t\t\t\t<div class=\"elementor-social-icons-wrapper elementor-grid\" role=\"list\">\n\t\t\t\t\t\t\t<span class=\"elementor-grid-item\" role=\"listitem\">\n\t\t\t\t\t<a class=\"elementor-icon elementor-social-icon elementor-social-icon-facebook-square elementor-repeater-item-1afc0ca\" href=\"https:\/\/www.facebook.com\/pikigalleria\" target=\"_blank\">\n\t\t\t\t\t\t<span class=\"elementor-screen-only\">Facebook-square<\/span>\n\t\t\t\t\t\t<svg aria-hidden=\"true\" class=\"e-font-icon-svg e-fab-facebook-square\" viewbox=\"0 0 448 512\" xmlns=\"http:\/\/www.w3.org\/2000\/svg\"><path d=\"M400 32H48A48 48 0 0 0 0 80v352a48 48 0 0 0 48 48h137.25V327.69h-63V256h63v-54.64c0-62.15 37-96.48 93.67-96.48 27.14 0 55.52 4.84 55.52 4.84v61h-31.27c-30.81 0-40.42 19.12-40.42 38.73V256h68.78l-11 71.69h-57.78V480H400a48 48 0 0 0 48-48V80a48 48 0 0 0-48-48z\"><\/path><\/svg>\t\t\t\t\t<\/a>\n\t\t\t\t<\/span>\n\t\t\t\t\t\t\t<span class=\"elementor-grid-item\" role=\"listitem\">\n\t\t\t\t\t<a class=\"elementor-icon elementor-social-icon elementor-social-icon-instagram elementor-repeater-item-b71330c\" href=\"https:\/\/www.instagram.com\/pikigalleria\" target=\"_blank\">\n\t\t\t\t\t\t<span class=\"elementor-screen-only\">Instagram<\/span>\n\t\t\t\t\t\t<svg aria-hidden=\"true\" class=\"e-font-icon-svg e-fab-instagram\" viewbox=\"0 0 448 512\" xmlns=\"http:\/\/www.w3.org\/2000\/svg\"><path d=\"M224.1 141c-63.6 0-114.9 51.3-114.9 114.9s51.3 114.9 114.9 114.9S339 319.5 339 255.9 287.7 141 224.1 141zm0 189.6c-41.1 0-74.7-33.5-74.7-74.7s33.5-74.7 74.7-74.7 74.7 33.5 74.7 74.7-33.6 74.7-74.7 74.7zm146.4-194.3c0 14.9-12 26.8-26.8 26.8-14.9 0-26.8-12-26.8-26.8s12-26.8 26.8-26.8 26.8 12 26.8 26.8zm76.1 27.2c-1.7-35.9-9.9-67.7-36.2-93.9-26.2-26.2-58-34.4-93.9-36.2-37-2.1-147.9-2.1-184.9 0-35.8 1.7-67.6 9.9-93.9 36.1s-34.4 58-36.2 93.9c-2.1 37-2.1 147.9 0 184.9 1.7 35.9 9.9 67.7 36.2 93.9s58 34.4 93.9 36.2c37 2.1 147.9 2.1 184.9 0 35.9-1.7 67.7-9.9 93.9-36.2 26.2-26.2 34.4-58 36.2-93.9 2.1-37 2.1-147.8 0-184.8zM398.8 388c-7.8 19.6-22.9 34.7-42.6 42.6-29.5 11.7-99.5 9-132.1 9s-102.7 2.6-132.1-9c-19.6-7.8-34.7-22.9-42.6-42.6-11.7-29.5-9-99.5-9-132.1s-2.6-102.7 9-132.1c7.8-19.6 22.9-34.7 42.6-42.6 29.5-11.7 99.5-9 132.1-9s102.7-2.6 132.1 9c19.6 7.8 34.7 22.9 42.6 42.6 11.7 29.5 9 99.5 9 132.1s2.7 102.7-9 132.1z\"><\/path><\/svg>\t\t\t\t\t<\/a>\n\t\t\t\t<\/span>\n\t\t\t\t\t<\/div>\n\t\t\t\t\t\t<\/div>\n\t\t\t\t<\/div>\n\t\t\t\t\t<\/div>\n\t\t<\/div>\n\t\t\t\t\t<\/div>\n\t\t<\/section>\n\t\t\t\t\t<\/div>\n\t\t<\/div>\n\t\t\t\t\t<\/div>\n\t\t<\/section>\n\t\t\t\t<section class=\"elementor-section elementor-top-section elementor-element elementor-element-9f13436 elementor-section-boxed elementor-section-height-default elementor-section-height-default\" data-id=\"9f13436\" data-element_type=\"section\" data-e-type=\"section\">\n\t\t\t\t\t\t\t<div class=\"elementor-background-overlay\"><\/div>\n\t\t\t\t\t\t\t<div class=\"elementor-container elementor-column-gap-default\">\n\t\t\t\t\t<div class=\"elementor-column elementor-col-100 elementor-top-column elementor-element elementor-element-f164210\" data-id=\"f164210\" data-element_type=\"column\" data-e-type=\"column\">\n\t\t\t<div class=\"elementor-widget-wrap elementor-element-populated\">\n\t\t\t\t\t\t<div class=\"elementor-element elementor-element-c2ca918 elementor-widget elementor-widget-heading\" data-id=\"c2ca918\" data-element_type=\"widget\" data-e-type=\"widget\" data-widget_type=\"heading.default\">\n\t\t\t\t<div class=\"elementor-widget-container\">\n\t\t\t\t\t<h2 class=\"elementor-heading-title elementor-size-default\">N\u00e4yttelykalenteri 2026<\/h2>\t\t\t\t<\/div>\n\t\t\t\t<\/div>\n\t\t\t\t<div class=\"elementor-element elementor-element-5298af0 elementor-widget elementor-widget-text-editor\" data-id=\"5298af0\" data-element_type=\"widget\" data-e-type=\"widget\" data-widget_type=\"text-editor.default\">\n\t\t\t\t<div class=\"elementor-widget-container\">\n\t\t\t\t\t\t\t\t\t<p><strong>Tammikuu 13.-30.1.2026 \/ Avajaiset ti 13.1. klo 17-19<br \/><\/strong>Arktinen utopia &#8211; Kulttuurikiihdytt\u00e4m\u00f6 ry<\/p><p><strong>Helmikuu 3.-28.2.2026 \/ Avajaiset ti 3.2. klo 17-20<br \/><\/strong>EXPANSE &#8211; Expanse-ryhm\u00e4 (Inka Hannula &amp; Teemu Raudaskoski, Marjo Hyv\u00e4rinen, Anne Nyg\u00e5rd, Jani R\u00e4tty\u00e4)<\/p><p><strong>Maaliskuu 7<span class=\"a_GcMg font-feature-liga-off font-feature-clig-off font-feature-calt-off text-decoration-none text-strikethrough-none\">.3.-4.4.2026 \/ Avajaiset la 7.3. klo 12-15<\/span><br \/><\/strong>Ookko n\u00e4\u00e4 Oulusta, teekk\u00f6 n\u00e4\u00e4 taijjetta? &#8211; Oululaisten taiden\u00e4yttely<\/p><p><strong>Huhtikuu 10.4.-2.5.2026 \/ Avajaiset viikolla 15<br \/><\/strong>Kv\u00e4\u00e4ri &#8211; Kulttuuriyhdistys Kulttuuribingo ry<\/p><p><strong>Toukokuu 7.-30.5.2026 \/ Avajaiset viikolla 19<br \/><\/strong>Limingan taidekoulu<\/p><p><strong>Kes\u00e4kuu 4.-27.6.2026 \/ Avajaiset viikolla 23<br \/><\/strong>Sairaan hyv\u00e4\u00e4 taidetta &#8211; Pohteen taidekokoelma<\/p><p>\u00a0<\/p><p><strong>Hein\u00e4kuu 4.7.-1.8.2026 \/ Avajaiset la 4.7. klo 12<br \/><\/strong>Luovuus on luontoni &#8211; Kulttuurikiihdytt\u00e4m\u00f6 ry:n yhteisn\u00e4yttely<\/p><p><strong>Elokuu 6.-29.8.2026 \/ Avajaiset viikolla 32<br \/><\/strong>Displaced &#8211; 12 x Rajaton Karjala<\/p><p><strong>Syyskuu 5.9.-3.10.2026 \/ Avajaiset viikolla 36<br \/><\/strong>Jouni Kestin muiston\u00e4yttely<\/p><p><strong>Lokakuu 8.-31.10.2026 \/Avajaiset viikolla 41<br \/><\/strong>In the Rhythm of Nature &#8211; Luonnon Rytmiss\u00e4, Suomen V\u00e4rj\u00e4rikillan 25-vuotisjuhlan\u00e4yttely luonnonv\u00e4rien \u00e4\u00e4relt\u00e4<\/p><p><strong>Marraskuu 5.-29.11.2026 \/ Avajaiset viikolla 45<br \/><\/strong>Nuorten kulttuuripajatoiminta<br \/>\/ Sosped-s\u00e4\u00e4ti\u00f6<\/p><p><strong>Joulukuu &#8211; Tammikuu<br \/><\/strong>Tulossa<\/p>\t\t\t\t\t\t\t\t<\/div>\n\t\t\t\t<\/div>\n\t\t\t\t\t<\/div>\n\t\t<\/div>\n\t\t\t\t\t<\/div>\n\t\t<\/section>\n\t\t\t\t<section class=\"elementor-section elementor-top-section elementor-element elementor-element-4609e84 elementor-section-boxed elementor-section-height-default elementor-section-height-default\" data-id=\"4609e84\" data-element_type=\"section\" data-e-type=\"section\" data-settings=\"{&quot;background_background&quot;:&quot;classic&quot;}\">\n\t\t\t\t\t\t<div class=\"elementor-container elementor-column-gap-default\">\n\t\t\t\t\t<div class=\"elementor-column elementor-col-100 elementor-top-column elementor-element elementor-element-579b28b\" data-id=\"579b28b\" data-element_type=\"column\" data-e-type=\"column\" data-settings=\"{&quot;background_background&quot;:&quot;classic&quot;}\">\n\t\t\t<div class=\"elementor-widget-wrap elementor-element-populated\">\n\t\t\t\t\t\t<section class=\"elementor-section elementor-inner-section elementor-element elementor-element-32865db elementor-section-boxed elementor-section-height-default elementor-section-height-default\" data-id=\"32865db\" data-element_type=\"section\" data-e-type=\"section\">\n\t\t\t\t\t\t<div class=\"elementor-container elementor-column-gap-default\">\n\t\t\t\t\t\t<\/div>\n\t\t<\/section>\n\t\t\t\t<section class=\"elementor-section elementor-inner-section elementor-element elementor-element-bda6582 elementor-section-boxed elementor-section-height-default elementor-section-height-default\" data-id=\"bda6582\" data-element_type=\"section\" data-e-type=\"section\" data-settings=\"{&quot;background_background&quot;:&quot;classic&quot;}\">\n\t\t\t\t\t\t<div class=\"elementor-container elementor-column-gap-default\">\n\t\t\t\t\t<div class=\"elementor-column elementor-col-50 elementor-inner-column elementor-element elementor-element-1837a82\" data-id=\"1837a82\" data-element_type=\"column\" data-e-type=\"column\">\n\t\t\t<div class=\"elementor-widget-wrap elementor-element-populated\">\n\t\t\t\t\t\t<div class=\"elementor-element elementor-element-54c17a5 elementor-widget elementor-widget-text-editor\" data-id=\"54c17a5\" data-element_type=\"widget\" data-e-type=\"widget\" data-widget_type=\"text-editor.default\">\n\t\t\t\t<div class=\"elementor-widget-container\">\n\t\t\t\t\t\t\t\t\t<h2 data-elementor-setting-key=\"title\" data-pen-placeholder=\"Kirjoita t\u00e4h\u00e4n...\">Etsitk\u00f6 n\u00e4yttelytilaa?<\/h2><p>Pikigalleria tarjoaa erinomaisen n\u00e4yttelytilan Oulun keskustassa, t\u00e4ydellinen ratkaisu taiteilijoille, jotka haluavat esitell\u00e4 teoksiaan ainutlaatuisessa ja helposti saavutettavassa ymp\u00e4rist\u00f6ss\u00e4. Valoisa ja iso tila on muokattavissa erilaisiin taideprojekteihin, olipa kyseess\u00e4 maalaus-, veistos- tai valokuvan\u00e4yttely.<\/p><p>Tervetuloa tutustumaan n\u00e4yttelytilaan!<\/p><p><a href=\"https:\/\/kulttuurikiihdyttamo.fi\/wp-content\/uploads\/2024\/08\/pikigalleria_pohjapiirustus_08-2024.pdf\">Tarkastele gallerian pohjapiirrustukseen<\/a>.<\/p>\t\t\t\t\t\t\t\t<\/div>\n\t\t\t\t<\/div>\n\t\t\t\t\t<\/div>\n\t\t<\/div>\n\t\t\t\t<div class=\"elementor-column elementor-col-50 elementor-inner-column elementor-element elementor-element-4c9603f\" data-id=\"4c9603f\" data-element_type=\"column\" data-e-type=\"column\" data-settings=\"{&quot;background_background&quot;:&quot;classic&quot;}\">\n\t\t\t<div class=\"elementor-widget-wrap elementor-element-populated\">\n\t\t\t\t\t\t<div class=\"elementor-element elementor-element-4a18937 elementor-widget elementor-widget-image\" data-id=\"4a18937\" data-element_type=\"widget\" data-e-type=\"widget\" data-widget_type=\"image.default\">\n\t\t\t\t<div class=\"elementor-widget-container\">\n\t\t\t\t\t\t\t\t\t\t\t\t\t\t\t<img decoding=\"async\" width=\"800\" height=\"432\" src=\"https:\/\/kulttuurikiihdyttamo.fi\/wp-content\/uploads\/2024\/08\/pikigalleria-06-2024-1024x553.jpg\" class=\"attachment-large size-large wp-image-969\" alt=\"\" srcset=\"https:\/\/kulttuurikiihdyttamo.fi\/wp-content\/uploads\/2024\/08\/pikigalleria-06-2024-1024x553.jpg 1024w, https:\/\/kulttuurikiihdyttamo.fi\/wp-content\/uploads\/2024\/08\/pikigalleria-06-2024-300x162.jpg 300w, https:\/\/kulttuurikiihdyttamo.fi\/wp-content\/uploads\/2024\/08\/pikigalleria-06-2024-768x415.jpg 768w, https:\/\/kulttuurikiihdyttamo.fi\/wp-content\/uploads\/2024\/08\/pikigalleria-06-2024-1536x829.jpg 1536w, https:\/\/kulttuurikiihdyttamo.fi\/wp-content\/uploads\/2024\/08\/pikigalleria-06-2024-2048x1106.jpg 2048w, https:\/\/kulttuurikiihdyttamo.fi\/wp-content\/uploads\/2024\/08\/pikigalleria-06-2024-18x10.jpg 18w\" sizes=\"(max-width: 800px) 100vw, 800px\" \/>\t\t\t\t\t\t\t\t\t\t\t\t\t\t\t<\/div>\n\t\t\t\t<\/div>\n\t\t\t\t\t<\/div>\n\t\t<\/div>\n\t\t\t\t\t<\/div>\n\t\t<\/section>\n\t\t\t\t<div class=\"elementor-element elementor-element-6fa9476 elementor-widget elementor-widget-text-editor\" data-id=\"6fa9476\" data-element_type=\"widget\" data-e-type=\"widget\" data-widget_type=\"text-editor.default\">\n\t\t\t\t<div class=\"elementor-widget-container\">\n\t\t\t\t\t\t\t\t\t<p>\/\/ Pikigalleria on osa Oulu2026 osarahoittamaa Kulttuurikiihdytt\u00e4m\u00f6 ry:n Pikisaaren kulttuurin hiukkaskiihdytin -projektia, joka kehitt\u00e4\u00e4 saarta pohjoisen alueen kulttuuri- ja tapahtumakeskukseksi kunnioittaen Pikisaaren kulttuuri- ja k\u00e4sity\u00f6perinnett\u00e4. Projektia osarahoittamassa on Oulun kaupunki ja tukemassa Potential Toimitilat Oy. \/\/<\/p>\t\t\t\t\t\t\t\t<\/div>\n\t\t\t\t<\/div>\n\t\t\t\t\t<\/div>\n\t\t<\/div>\n\t\t\t\t\t<\/div>\n\t\t<\/section>\n\t\t\t\t<\/div>","protected":false},"excerpt":{"rendered":"<p>Pikigalleria Pikigalleria on Kulttuurikiihdytt\u00e4m\u00f6 ry:n yll\u00e4pit\u00e4m\u00e4 taidegalleria Oulun Pikisaaressa, Villatehtaan kulttuuripihapiiriss\u00e4. Galleria toimii aktiivisesti paikallisen taideyhteis\u00f6n keskuksena ja pyrkii edist\u00e4m\u00e4\u00e4n taiteen ja kulttuurin saavutettavuutta ja merkityst\u00e4 Oulussa. Pikigallerian tavoitteena on tarjota tila, jossa taiteilijat voivat rohkeasti ja luovasti ilmaista itse\u00e4\u00e4n, samalla mahdollistaen vierailijoille laajan ja inspiroivan taidekokemuksen. Gallerian avara n\u00e4yttelytila on valoisa ja sen ikkunoista [&hellip;]<\/p>","protected":false},"author":2,"featured_media":0,"parent":0,"menu_order":0,"comment_status":"closed","ping_status":"closed","template":"","meta":{"_monsterinsights_skip_tracking":false,"_monsterinsights_sitenote_active":false,"_monsterinsights_sitenote_note":"","_monsterinsights_sitenote_category":0,"footnotes":""},"class_list":["post-959","page","type-page","status-publish","hentry"],"aioseo_notices":[],"_links":{"self":[{"href":"https:\/\/kulttuurikiihdyttamo.fi\/en\/wp-json\/wp\/v2\/pages\/959","targetHints":{"allow":["GET"]}}],"collection":[{"href":"https:\/\/kulttuurikiihdyttamo.fi\/en\/wp-json\/wp\/v2\/pages"}],"about":[{"href":"https:\/\/kulttuurikiihdyttamo.fi\/en\/wp-json\/wp\/v2\/types\/page"}],"author":[{"embeddable":true,"href":"https:\/\/kulttuurikiihdyttamo.fi\/en\/wp-json\/wp\/v2\/users\/2"}],"replies":[{"embeddable":true,"href":"https:\/\/kulttuurikiihdyttamo.fi\/en\/wp-json\/wp\/v2\/comments?post=959"}],"version-history":[{"count":26,"href":"https:\/\/kulttuurikiihdyttamo.fi\/en\/wp-json\/wp\/v2\/pages\/959\/revisions"}],"predecessor-version":[{"id":1196,"href":"https:\/\/kulttuurikiihdyttamo.fi\/en\/wp-json\/wp\/v2\/pages\/959\/revisions\/1196"}],"wp:attachment":[{"href":"https:\/\/kulttuurikiihdyttamo.fi\/en\/wp-json\/wp\/v2\/media?parent=959"}],"curies":[{"name":"wp","href":"https:\/\/api.w.org\/{rel}","templated":true}]}}